{"id":2,"date":"2022-03-23T15:16:07","date_gmt":"2022-03-23T15:16:07","guid":{"rendered":"http:\/\/30-jahre-dra.org\/?page_id=2"},"modified":"2022-03-29T10:44:33","modified_gmt":"2022-03-29T08:44:33","slug":"sample-page","status":"publish","type":"page","link":"http:\/\/30-jahre-dra.org\/","title":{"rendered":""},"content":{"rendered":"<div class=\"wp-block-timeline-express\">\n\t\t\t<section id=\"cd-timeline\" style=\"opacity: 0;\" class=\"cd-container timeline-express \" >\n\n\t\t\t\n<div id=\"1992-gruendung-des-dra\" class=\"cd-timeline-block m\u00e4rz 23 1992 announcement-31 1992-2002 icon-style-default container-style-default\" data-container-animation=\"bounce-in\" data-icon-animation=\"bounce-in\">\n\n\t\n\t\t<a class=\"cd-timeline-icon-link\" href=\"http:\/\/30-jahre-dra.org\/?te_announcements=gruendung-des-dra\">\n\n\t\t\n\t\t<div class=\"cd-timeline-img cd-picture\" style=\"background:#75CE66;\">\n\n\t\t\t<!-- Custom Action Hook -->\n\n\t\t\t\n\t\t\t\t<!-- Standard Font Awesome Icon -->\n\n\t\t\t\t<span class=\"fa fa-flag\" title=\"1992  Gr\u00fcndung des DRA\"><\/span>\n\n\t\t\t\n\t\t<\/div> <!-- cd-timeline-img -->\n\t\n\t\t<\/a>\n\n\t\t\n\t<!-- Timeline Content -->\n\t<div class=\"cd-timeline-content\">\n\n\t\t\n\t\t<!-- Announcement Title -->\n\t\t<div class=\"cd-timeline-title-container\">\n\n\t\t\t\n\t\t\t<h2 class=\"cd-timeline-item-title\">\n\t\t\t\t1992  Gr\u00fcndung des DRA\t\t\t<\/h2>\n\n\t\t\t\t\t<\/div>\n\t\t<!-- End Announcement Title -->\n\n\t\t<img loading=\"lazy\" decoding=\"async\" width=\"350\" height=\"120\" src=\"http:\/\/30-jahre-dra.org\/wp-content\/uploads\/2022\/03\/1992_PLACEHOLDER-350x120.jpg\" class=\"announcement-banner-image\" alt=\"1992  Gr\u00fcndung des DRA\" \/>\n\t\t<!-- Announcement Excerpt -->\n\t\t<div class=\"the-excerpt\">\n\t\t\t<p>In einer Wohnung in Berlin &#8211;Stra\u00dfe&#8211; gr\u00fcndet sich am 07.03.1992 ? der Deutsch Russische Austausch mit dem Ziel den demokratischen Aufbau in Russland zu unterst\u00fctzen&#8230;.<\/p>\n<a class=\"timeline-express-read-more-link\" href=\"http:\/\/30-jahre-dra.org\/?te_announcements=gruendung-des-dra\"> Weiterlesen<\/a>\t\t<\/div>\n\t\t<!-- End Announcement Excerpt -->\n\n\t\t\n\t<\/div>\n\t<!-- End Timeline Content -->\n\n\t\n<\/div>\n<!-- End Timeline Block -->\n\n<div id=\"1993\" class=\"cd-timeline-block m\u00e4rz 23 1993 announcement-113 1992-2002 icon-style-default container-style-default\" data-container-animation=\"bounce-in\" data-icon-animation=\"bounce-in\">\n\n\t\n\t\t<a class=\"cd-timeline-icon-link\" href=\"http:\/\/30-jahre-dra.org\/?te_announcements=1993-2\">\n\n\t\t\n\t\t<div class=\"cd-timeline-img cd-picture\" style=\"background:#eeee22;\">\n\n\t\t\t<!-- Custom Action Hook -->\n\n\t\t\t\n\t\t\t\t<!-- Standard Font Awesome Icon -->\n\n\t\t\t\t<span class=\"fa fa-circle\" title=\"1993\"><\/span>\n\n\t\t\t\n\t\t<\/div> <!-- cd-timeline-img -->\n\t\n\t\t<\/a>\n\n\t\t\n\t<!-- Timeline Content -->\n\t<div class=\"cd-timeline-content\">\n\n\t\t\n\t\t<!-- Announcement Title -->\n\t\t<div class=\"cd-timeline-title-container\">\n\n\t\t\t\n\t\t\t<h2 class=\"cd-timeline-item-title\">\n\t\t\t\t1993\t\t\t<\/h2>\n\n\t\t\t\t\t<\/div>\n\t\t<!-- End Announcement Title -->\n\n\t\t<img loading=\"lazy\" decoding=\"async\" width=\"350\" height=\"120\" src=\"http:\/\/30-jahre-dra.org\/wp-content\/uploads\/2022\/03\/kennzeichenD-350x120.png\" class=\"announcement-banner-image\" alt=\"1993\" \/>\n\t\t<!-- Announcement Excerpt -->\n\t\t<div class=\"the-excerpt\">\n\t\t\t<p>Die Arbeit des DRA in St.Petersburg w\u00e4chst nach einer gro\u00dfen Spendensumme aufgrund eines Beitrags in der Sendung Kennzeichen D<\/p>\n<a class=\"timeline-express-read-more-link\" href=\"http:\/\/30-jahre-dra.org\/?te_announcements=1993-2\"> Weiterlesen<\/a>\t\t<\/div>\n\t\t<!-- End Announcement Excerpt -->\n\n\t\t\n\t<\/div>\n\t<!-- End Timeline Content -->\n\n\t\n<\/div>\n<!-- End Timeline Block -->\n\n<div id=\"1994\" class=\"cd-timeline-block m\u00e4rz 23 1994 announcement-no-image announcement-112 1992-2002 icon-style-default container-style-default\" data-container-animation=\"bounce-in\" data-icon-animation=\"bounce-in\">\n\n\t\n\t\t<a class=\"cd-timeline-icon-link\" href=\"http:\/\/30-jahre-dra.org\/?te_announcements=1994-2\">\n\n\t\t\n\t\t<div class=\"cd-timeline-img cd-picture\" style=\"background:#eeee22;\">\n\n\t\t\t<!-- Custom Action Hook -->\n\n\t\t\t\n\t\t\t\t<!-- Standard Font Awesome Icon -->\n\n\t\t\t\t<span class=\"fa fa-circle\" title=\"1994\"><\/span>\n\n\t\t\t\n\t\t<\/div> <!-- cd-timeline-img -->\n\t\n\t\t<\/a>\n\n\t\t\n\t<!-- Timeline Content -->\n\t<div class=\"cd-timeline-content\">\n\n\t\t\n\t\t<!-- Announcement Title -->\n\t\t<div class=\"cd-timeline-title-container\">\n\n\t\t\t\n\t\t\t<h2 class=\"cd-timeline-item-title\">\n\t\t\t\t1994\t\t\t<\/h2>\n\n\t\t\t\t\t<\/div>\n\t\t<!-- End Announcement Title -->\n\n\t\t\n\t\t<!-- Announcement Excerpt -->\n\t\t<div class=\"the-excerpt\">\n\t\t\t<p>Beginn der Vermittlung von Freiwilligen, ab 1998 als Freiwilligenagentur (1999 bis 2005 von der Robert Bosch Stiftung unterst\u00fctzt, 2004\/2007 Zertifikat \u201eQualit\u00e4t in Freiwilligendiensten \u2013 Quifd\u201c)&#8230;<\/p>\n<a class=\"timeline-express-read-more-link\" href=\"http:\/\/30-jahre-dra.org\/?te_announcements=1994-2\"> Weiterlesen<\/a>\t\t<\/div>\n\t\t<!-- End Announcement Excerpt -->\n\n\t\t\n\t<\/div>\n\t<!-- End Timeline Content -->\n\n\t\n<\/div>\n<!-- End Timeline Block -->\n\n<div id=\"1995\" class=\"cd-timeline-block m\u00e4rz 23 1995 announcement-111 1992-2002 icon-style-default container-style-default\" data-container-animation=\"bounce-in\" data-icon-animation=\"bounce-in\">\n\n\t\n\t\t<a class=\"cd-timeline-icon-link\" href=\"http:\/\/30-jahre-dra.org\/?te_announcements=1995-2\">\n\n\t\t\n\t\t<div class=\"cd-timeline-img cd-picture\" style=\"background:#eeee22;\">\n\n\t\t\t<!-- Custom Action Hook -->\n\n\t\t\t\n\t\t\t\t<!-- Standard Font Awesome Icon -->\n\n\t\t\t\t<span class=\"fa fa-circle\" title=\"1995\"><\/span>\n\n\t\t\t\n\t\t<\/div> <!-- cd-timeline-img -->\n\t\n\t\t<\/a>\n\n\t\t\n\t<!-- Timeline Content -->\n\t<div class=\"cd-timeline-content\">\n\n\t\t\n\t\t<!-- Announcement Title -->\n\t\t<div class=\"cd-timeline-title-container\">\n\n\t\t\t\n\t\t\t<h2 class=\"cd-timeline-item-title\">\n\t\t\t\t1995\t\t\t<\/h2>\n\n\t\t\t\t\t<\/div>\n\t\t<!-- End Announcement Title -->\n\n\t\t<img loading=\"lazy\" decoding=\"async\" width=\"350\" height=\"120\" src=\"http:\/\/30-jahre-dra.org\/wp-content\/uploads\/2022\/03\/1995-350x120.jpg\" class=\"announcement-banner-image\" alt=\"1995\" \/>\n\t\t<!-- Announcement Excerpt -->\n\t\t<div class=\"the-excerpt\">\n\t\t\t<p>1.Herbstgespr\u00e4che \u00a0&#8222;Von der Unterst\u00fctzung zur Kooperation: Entwicklung der Menschen- und B\u00fcrgerrechte in Ru\u00dfland&#8220;<\/p>\n<a class=\"timeline-express-read-more-link\" href=\"http:\/\/30-jahre-dra.org\/?te_announcements=1995-2\"> Weiterlesen<\/a>\t\t<\/div>\n\t\t<!-- End Announcement Excerpt -->\n\n\t\t\n\t<\/div>\n\t<!-- End Timeline Content -->\n\n\t\n<\/div>\n<!-- End Timeline Block -->\n\n<div id=\"1996\" class=\"cd-timeline-block m\u00e4rz 23 1996 announcement-110 1992-2002 icon-bounce-in container-style-default\" data-container-animation=\"bounce-in\" data-icon-animation=\"bounce-in\">\n\n\t\n\t\t<a class=\"cd-timeline-icon-link\" href=\"http:\/\/30-jahre-dra.org\/?te_announcements=1996-2\">\n\n\t\t\n\t\t<div class=\"cd-timeline-img cd-picture\" style=\"background:#eeee22;\">\n\n\t\t\t<!-- Custom Action Hook -->\n\n\t\t\t\n\t\t\t\t<!-- Standard Font Awesome Icon -->\n\n\t\t\t\t<span class=\"fa fa-500px\" title=\"1996\"><\/span>\n\n\t\t\t\n\t\t<\/div> <!-- cd-timeline-img -->\n\t\n\t\t<\/a>\n\n\t\t\n\t<!-- Timeline Content -->\n\t<div class=\"cd-timeline-content\">\n\n\t\t\n\t\t<!-- Announcement Title -->\n\t\t<div class=\"cd-timeline-title-container\">\n\n\t\t\t\n\t\t\t<h2 class=\"cd-timeline-item-title\">\n\t\t\t\t1996\t\t\t<\/h2>\n\n\t\t\t\t\t<\/div>\n\t\t<!-- End Announcement Title -->\n\n\t\t<img loading=\"lazy\" decoding=\"async\" width=\"350\" height=\"120\" src=\"http:\/\/30-jahre-dra.org\/wp-content\/uploads\/2022\/03\/38920421571_4e92ca9389_k-350x120.jpg\" class=\"announcement-banner-image\" alt=\"1996\" \/>\n\t\t<!-- Announcement Excerpt -->\n\t\t<div class=\"the-excerpt\">\n\t\t\t<p>Ein Turbulentes Jahr Die Leitung hat Jochen T\u00f6pfer, Partner ist das NGO-Unterst\u00fctzungszentrum Sib-Novo-Zentr. Ziel ist u.a. die Beratung \u00f6rtlicher NGOs und Hilfe bei Organisationsgr\u00fcndungen. Am&#8230;<\/p>\n<a class=\"timeline-express-read-more-link\" href=\"http:\/\/30-jahre-dra.org\/?te_announcements=1996-2\"> Weiterlesen<\/a>\t\t<\/div>\n\t\t<!-- End Announcement Excerpt -->\n\n\t\t\n\t<\/div>\n\t<!-- End Timeline Content -->\n\n\t\n<\/div>\n<!-- End Timeline Block -->\n\n<div id=\"1997\" class=\"cd-timeline-block m\u00e4rz 23 1997 announcement-109 1992-2002 icon-style-default container-style-default\" data-container-animation=\"bounce-in\" data-icon-animation=\"bounce-in\">\n\n\t\n\t\t<a class=\"cd-timeline-icon-link\" href=\"http:\/\/30-jahre-dra.org\/?te_announcements=1997-2\">\n\n\t\t\n\t\t<div class=\"cd-timeline-img cd-picture\" style=\"background:#eeee22;\">\n\n\t\t\t<!-- Custom Action Hook -->\n\n\t\t\t\n\t\t\t\t<!-- Standard Font Awesome Icon -->\n\n\t\t\t\t<span class=\"fa fa-circle\" title=\"1997\"><\/span>\n\n\t\t\t\n\t\t<\/div> <!-- cd-timeline-img -->\n\t\n\t\t<\/a>\n\n\t\t\n\t<!-- Timeline Content -->\n\t<div class=\"cd-timeline-content\">\n\n\t\t\n\t\t<!-- Announcement Title -->\n\t\t<div class=\"cd-timeline-title-container\">\n\n\t\t\t\n\t\t\t<h2 class=\"cd-timeline-item-title\">\n\t\t\t\t1997\t\t\t<\/h2>\n\n\t\t\t\t\t<\/div>\n\t\t<!-- End Announcement Title -->\n\n\t\t<img loading=\"lazy\" decoding=\"async\" width=\"350\" height=\"120\" src=\"http:\/\/30-jahre-dra.org\/wp-content\/uploads\/2022\/03\/Screenshot-from-2022-03-25-10-40-35-350x120.png\" class=\"announcement-banner-image\" alt=\"1997\" \/>\n\t\t<!-- Announcement Excerpt -->\n\t\t<div class=\"the-excerpt\">\n\t\t\t<p>Reader: Der Deutsch Russische Austausch und seine Partner<\/p>\n<a class=\"timeline-express-read-more-link\" href=\"http:\/\/30-jahre-dra.org\/?te_announcements=1997-2\"> Weiterlesen<\/a>\t\t<\/div>\n\t\t<!-- End Announcement Excerpt -->\n\n\t\t\n\t<\/div>\n\t<!-- End Timeline Content -->\n\n\t\n<\/div>\n<!-- End Timeline Block -->\n\n<div id=\"1998\" class=\"cd-timeline-block m\u00e4rz 23 1998 announcement-108 1992-2002 icon-style-default container-style-default\" data-container-animation=\"bounce-in\" data-icon-animation=\"bounce-in\">\n\n\t\n\t\t<a class=\"cd-timeline-icon-link\" href=\"http:\/\/30-jahre-dra.org\/?te_announcements=1998-2\">\n\n\t\t\n\t\t<div class=\"cd-timeline-img cd-picture\" style=\"background:#eeee22;\">\n\n\t\t\t<!-- Custom Action Hook -->\n\n\t\t\t\n\t\t\t\t<!-- Standard Font Awesome Icon -->\n\n\t\t\t\t<span class=\"fa fa-circle\" title=\"1998\"><\/span>\n\n\t\t\t\n\t\t<\/div> <!-- cd-timeline-img -->\n\t\n\t\t<\/a>\n\n\t\t\n\t<!-- Timeline Content -->\n\t<div class=\"cd-timeline-content\">\n\n\t\t\n\t\t<!-- Announcement Title -->\n\t\t<div class=\"cd-timeline-title-container\">\n\n\t\t\t\n\t\t\t<h2 class=\"cd-timeline-item-title\">\n\t\t\t\t1998\t\t\t<\/h2>\n\n\t\t\t\t\t<\/div>\n\t\t<!-- End Announcement Title -->\n\n\t\t<img loading=\"lazy\" decoding=\"async\" width=\"350\" height=\"120\" src=\"http:\/\/30-jahre-dra.org\/wp-content\/uploads\/2022\/03\/8597101139_51b751b8ea_h-350x120.jpg\" class=\"announcement-banner-image\" alt=\"1998\" \/>\n\t\t<!-- Announcement Excerpt -->\n\t\t<div class=\"the-excerpt\">\n\t\t\t<p>&nbsp; Im Herbst 1998 verteilt der DRA im Auftrag des Diakonischen Werks angesichts der schweren Wirtschaftskrise nach der Zahlungsunf\u00e4higkeit Russlands und einer massiven Rubel-Entwertung Lebensmittelpakete&#8230;<\/p>\n<a class=\"timeline-express-read-more-link\" href=\"http:\/\/30-jahre-dra.org\/?te_announcements=1998-2\"> Weiterlesen<\/a>\t\t<\/div>\n\t\t<!-- End Announcement Excerpt -->\n\n\t\t\n\t<\/div>\n\t<!-- End Timeline Content -->\n\n\t\n<\/div>\n<!-- End Timeline Block -->\n\n<div id=\"1999\" class=\"cd-timeline-block m\u00e4rz 23 1999 announcement-107 1992-2002 icon-bounce-in container-style-default\" data-container-animation=\"bounce-in\" data-icon-animation=\"bounce-in\">\n\n\t\n\t\t<a class=\"cd-timeline-icon-link\" href=\"http:\/\/30-jahre-dra.org\/?te_announcements=1999-2\">\n\n\t\t\n\t\t<div class=\"cd-timeline-img cd-picture\" style=\"background:#eeee22;\">\n\n\t\t\t<!-- Custom Action Hook -->\n\n\t\t\t\n\t\t\t\t<!-- Standard Font Awesome Icon -->\n\n\t\t\t\t<span class=\"fa fa-500px\" title=\"1999\"><\/span>\n\n\t\t\t\n\t\t<\/div> <!-- cd-timeline-img -->\n\t\n\t\t<\/a>\n\n\t\t\n\t<!-- Timeline Content -->\n\t<div class=\"cd-timeline-content\">\n\n\t\t\n\t\t<!-- Announcement Title -->\n\t\t<div class=\"cd-timeline-title-container\">\n\n\t\t\t\n\t\t\t<h2 class=\"cd-timeline-item-title\">\n\t\t\t\t1999\t\t\t<\/h2>\n\n\t\t\t\t\t<\/div>\n\t\t<!-- End Announcement Title -->\n\n\t\t<img loading=\"lazy\" decoding=\"async\" width=\"350\" height=\"120\" src=\"http:\/\/30-jahre-dra.org\/wp-content\/uploads\/2022\/03\/Berlin-Brunnenstrasse-IMG_3766-625x469-1-350x120.jpg\" class=\"announcement-banner-image\" alt=\"1999\" \/>\n\t\t<!-- Announcement Excerpt -->\n\t\t<div class=\"the-excerpt\">\n\t\t\t<p>1999 bezieht der DRA Berlin ein neues B\u00fcro in der Brunnenstra\u00dfe 181 im Stadtbezirk Mitte. Das erste Volgograder Kinofest des DRA zeigt im Mai deutsche&#8230;<\/p>\n<a class=\"timeline-express-read-more-link\" href=\"http:\/\/30-jahre-dra.org\/?te_announcements=1999-2\"> Weiterlesen<\/a>\t\t<\/div>\n\t\t<!-- End Announcement Excerpt -->\n\n\t\t\n\t<\/div>\n\t<!-- End Timeline Content -->\n\n\t\n<\/div>\n<!-- End Timeline Block -->\n\n<div id=\"2000\" class=\"cd-timeline-block m\u00e4rz 23 2000 announcement-106 1992-2002 icon-style-default container-style-default\" data-container-animation=\"bounce-in\" data-icon-animation=\"bounce-in\">\n\n\t\n\t\t<a class=\"cd-timeline-icon-link\" href=\"http:\/\/30-jahre-dra.org\/?te_announcements=2000-2\">\n\n\t\t\n\t\t<div class=\"cd-timeline-img cd-picture\" style=\"background:#eeee22;\">\n\n\t\t\t<!-- Custom Action Hook -->\n\n\t\t\t\n\t\t\t\t<!-- Standard Font Awesome Icon -->\n\n\t\t\t\t<span class=\"fa fa-circle\" title=\"2000\"><\/span>\n\n\t\t\t\n\t\t<\/div> <!-- cd-timeline-img -->\n\t\n\t\t<\/a>\n\n\t\t\n\t<!-- Timeline Content -->\n\t<div class=\"cd-timeline-content\">\n\n\t\t\n\t\t<!-- Announcement Title -->\n\t\t<div class=\"cd-timeline-title-container\">\n\n\t\t\t\n\t\t\t<h2 class=\"cd-timeline-item-title\">\n\t\t\t\t2000\t\t\t<\/h2>\n\n\t\t\t\t\t<\/div>\n\t\t<!-- End Announcement Title -->\n\n\t\t<img loading=\"lazy\" decoding=\"async\" width=\"350\" height=\"120\" src=\"http:\/\/30-jahre-dra.org\/wp-content\/uploads\/2022\/03\/2001-350x120.png\" class=\"announcement-banner-image\" alt=\"2000\" \/>\n\t\t<!-- Announcement Excerpt -->\n\t\t<div class=\"the-excerpt\">\n\t\t\t<p>Er\u00f6ffnung der \u201eDeutsch-Russischen Ehrenamtsb\u00f6rse\u201c in Berlin Der Reader des DRA hierzu: Ehrenamtsb\u00f6rse Berlin<\/p>\n<a class=\"timeline-express-read-more-link\" href=\"http:\/\/30-jahre-dra.org\/?te_announcements=2000-2\"> Weiterlesen<\/a>\t\t<\/div>\n\t\t<!-- End Announcement Excerpt -->\n\n\t\t\n\t<\/div>\n\t<!-- End Timeline Content -->\n\n\t\n<\/div>\n<!-- End Timeline Block -->\n\n<div id=\"2001\" class=\"cd-timeline-block m\u00e4rz 23 2001 announcement-105 1992-2002 icon-bounce-in container-style-default\" data-container-animation=\"bounce-in\" data-icon-animation=\"bounce-in\">\n\n\t\n\t\t<a class=\"cd-timeline-icon-link\" href=\"http:\/\/30-jahre-dra.org\/?te_announcements=2001-2\">\n\n\t\t\n\t\t<div class=\"cd-timeline-img cd-picture\" style=\"background:#eeee22;\">\n\n\t\t\t<!-- Custom Action Hook -->\n\n\t\t\t\n\t\t\t\t<!-- Standard Font Awesome Icon -->\n\n\t\t\t\t<span class=\"fa fa-500px\" title=\"2001\"><\/span>\n\n\t\t\t\n\t\t<\/div> <!-- cd-timeline-img -->\n\t\n\t\t<\/a>\n\n\t\t\n\t<!-- Timeline Content -->\n\t<div class=\"cd-timeline-content\">\n\n\t\t\n\t\t<!-- Announcement Title -->\n\t\t<div class=\"cd-timeline-title-container\">\n\n\t\t\t\n\t\t\t<h2 class=\"cd-timeline-item-title\">\n\t\t\t\t2001\t\t\t<\/h2>\n\n\t\t\t\t\t<\/div>\n\t\t<!-- End Announcement Title -->\n\n\t\t<img loading=\"lazy\" decoding=\"async\" width=\"350\" height=\"120\" src=\"http:\/\/30-jahre-dra.org\/wp-content\/uploads\/2022\/03\/2001-350x120.jpg\" class=\"announcement-banner-image\" alt=\"2001\" \/>\n\t\t<!-- Announcement Excerpt -->\n\t\t<div class=\"the-excerpt\">\n\t\t\t<p>&nbsp; Vom 10.-12. April 2001 findet auf Initiative der russischen und deutschen Regierung und mit Beteiligung des DRA in St.\u00a0Petersburg der erste &#8222;Petersburger Dialog&#8220; (PD)&#8230;<\/p>\n<a class=\"timeline-express-read-more-link\" href=\"http:\/\/30-jahre-dra.org\/?te_announcements=2001-2\"> Weiterlesen<\/a>\t\t<\/div>\n\t\t<!-- End Announcement Excerpt -->\n\n\t\t\n\t<\/div>\n\t<!-- End Timeline Content -->\n\n\t\n<\/div>\n<!-- End Timeline Block -->\n\n<div id=\"2002\" class=\"cd-timeline-block m\u00e4rz 23 2002 announcement-103 1992-2002 icon-style-default container-style-default\" data-container-animation=\"bounce-in\" data-icon-animation=\"bounce-in\">\n\n\t\n\t\t<a class=\"cd-timeline-icon-link\" href=\"http:\/\/30-jahre-dra.org\/?te_announcements=2002-2\">\n\n\t\t\n\t\t<div class=\"cd-timeline-img cd-picture\" style=\"background:#eeee22;\">\n\n\t\t\t<!-- Custom Action Hook -->\n\n\t\t\t\n\t\t\t\t<!-- Standard Font Awesome Icon -->\n\n\t\t\t\t<span class=\"fa fa-circle\" title=\"2002\"><\/span>\n\n\t\t\t\n\t\t<\/div> <!-- cd-timeline-img -->\n\t\n\t\t<\/a>\n\n\t\t\n\t<!-- Timeline Content -->\n\t<div class=\"cd-timeline-content\">\n\n\t\t\n\t\t<!-- Announcement Title -->\n\t\t<div class=\"cd-timeline-title-container\">\n\n\t\t\t\n\t\t\t<h2 class=\"cd-timeline-item-title\">\n\t\t\t\t2002\t\t\t<\/h2>\n\n\t\t\t\t\t<\/div>\n\t\t<!-- End Announcement Title -->\n\n\t\t<img loading=\"lazy\" decoding=\"async\" width=\"350\" height=\"120\" src=\"http:\/\/30-jahre-dra.org\/wp-content\/uploads\/2022\/03\/2002_jugendpodium-1-350x120.jpg\" class=\"announcement-banner-image\" alt=\"2002\" \/>\n\t\t<!-- Announcement Excerpt -->\n\t\t<div class=\"the-excerpt\">\n\t\t\t<p>Gr\u00fcndung der Stiftung DRA (Erststifter: Freiherr Franz von Hammerstein)\u00a0<\/p>\n<a class=\"timeline-express-read-more-link\" href=\"http:\/\/30-jahre-dra.org\/?te_announcements=2002-2\"> Weiterlesen<\/a>\t\t<\/div>\n\t\t<!-- End Announcement Excerpt -->\n\n\t\t\n\t<\/div>\n\t<!-- End Timeline Content -->\n\n\t\n<\/div>\n<!-- End Timeline Block -->\n\n<div id=\"2003\" class=\"cd-timeline-block m\u00e4rz 23 2003 announcement-102 2002-2012 icon-bounce-in container-style-default\" data-container-animation=\"bounce-in\" data-icon-animation=\"bounce-in\">\n\n\t\n\t\t<a class=\"cd-timeline-icon-link\" href=\"http:\/\/30-jahre-dra.org\/?te_announcements=2003-2\">\n\n\t\t\n\t\t<div class=\"cd-timeline-img cd-picture\" style=\"background:#eeee22;\">\n\n\t\t\t<!-- Custom Action Hook -->\n\n\t\t\t\n\t\t\t\t<!-- Standard Font Awesome Icon -->\n\n\t\t\t\t<span class=\"fa fa-500px\" title=\"2003\"><\/span>\n\n\t\t\t\n\t\t<\/div> <!-- cd-timeline-img -->\n\t\n\t\t<\/a>\n\n\t\t\n\t<!-- Timeline Content -->\n\t<div class=\"cd-timeline-content\">\n\n\t\t\n\t\t<!-- Announcement Title -->\n\t\t<div class=\"cd-timeline-title-container\">\n\n\t\t\t\n\t\t\t<h2 class=\"cd-timeline-item-title\">\n\t\t\t\t2003\t\t\t<\/h2>\n\n\t\t\t\t\t<\/div>\n\t\t<!-- End Announcement Title -->\n\n\t\t<img loading=\"lazy\" decoding=\"async\" width=\"350\" height=\"120\" src=\"http:\/\/30-jahre-dra.org\/wp-content\/uploads\/2022\/03\/2003-350x120.png\" class=\"announcement-banner-image\" alt=\"2003\" \/>\n\t\t<!-- Announcement Excerpt -->\n\t\t<div class=\"the-excerpt\">\n\t\t\t<p>U-Projekt \u201eNGO-Development Ukraine \u2013 Kyiv and selected regions\u201c; Aufbau von drei \u201eZentren f\u00fcr soziale Partnerschaft\u201c in den Regionen Sumy, Cherson und Rivne auf; 8. Herbstgespr\u00e4che&#8230;<\/p>\n<a class=\"timeline-express-read-more-link\" href=\"http:\/\/30-jahre-dra.org\/?te_announcements=2003-2\"> Weiterlesen<\/a>\t\t<\/div>\n\t\t<!-- End Announcement Excerpt -->\n\n\t\t\n\t<\/div>\n\t<!-- End Timeline Content -->\n\n\t\n<\/div>\n<!-- End Timeline Block -->\n\n<div id=\"2004\" class=\"cd-timeline-block m\u00e4rz 23 2004 announcement-101 2002-2012 icon-bounce-in container-style-default\" data-container-animation=\"bounce-in\" data-icon-animation=\"bounce-in\">\n\n\t\n\t\t<div class=\"cd-timeline-img cd-picture icon-no-readmore\" style=\"background:#eeee22;\">\n\n\t\t\t<!-- Custom Action Hook -->\n\n\t\t\t\n\t\t\t\t<!-- Standard Font Awesome Icon -->\n\n\t\t\t\t<span class=\"fa fa-500px\" title=\"2004\"><\/span>\n\n\t\t\t\n\t\t<\/div> <!-- cd-timeline-img -->\n\t\n\t\t<\/a>\n\n\t\t\n\t<!-- Timeline Content -->\n\t<div class=\"cd-timeline-content\">\n\n\t\t\n\t\t<!-- Announcement Title -->\n\t\t<div class=\"cd-timeline-title-container\">\n\n\t\t\t\n\t\t\t<h2 class=\"cd-timeline-item-title\">\n\t\t\t\t2004\t\t\t<\/h2>\n\n\t\t\t\t\t<\/div>\n\t\t<!-- End Announcement Title -->\n\n\t\t<img loading=\"lazy\" decoding=\"async\" width=\"350\" height=\"120\" src=\"http:\/\/30-jahre-dra.org\/wp-content\/uploads\/2022\/03\/2004_Ukraine-350x120.jpg\" class=\"announcement-banner-image\" alt=\"2004\" \/>\n\t\t<!-- Announcement Excerpt -->\n\t\t<div class=\"the-excerpt\">\n\t\t\t\t\t<\/div>\n\t\t<!-- End Announcement Excerpt -->\n\n\t\t\n\t<\/div>\n\t<!-- End Timeline Content -->\n\n\t<div class=\"extra-content after te-animated\"><p><span data-contrast=\"auto\">EU-Projekt \u201ePromotion of Tolerance and improving inter-ethnic relations\u201c in den Regionen Moskau, Tschuwaschien und dem s\u00fcdrussischen Gebiet Stawropol<\/span><span data-ccp-props=\"{&quot;201341983&quot;:0,&quot;335559739&quot;:200,&quot;335559740&quot;:276}\">\u00a0<\/span><\/p>\n<\/div>\n<\/div>\n<!-- End Timeline Block -->\n\n<div id=\"2005\" class=\"cd-timeline-block m\u00e4rz 23 2005 announcement-100 2002-2012 icon-style-default container-style-default\" data-container-animation=\"bounce-in\" data-icon-animation=\"bounce-in\">\n\n\t\n\t\t<a class=\"cd-timeline-icon-link\" href=\"http:\/\/30-jahre-dra.org\/?te_announcements=2005-2\">\n\n\t\t\n\t\t<div class=\"cd-timeline-img cd-picture\" style=\"background:#eeee22;\">\n\n\t\t\t<!-- Custom Action Hook -->\n\n\t\t\t\n\t\t\t\t<!-- Standard Font Awesome Icon -->\n\n\t\t\t\t<span class=\"fa fa-circle\" title=\"2005\"><\/span>\n\n\t\t\t\n\t\t<\/div> <!-- cd-timeline-img -->\n\t\n\t\t<\/a>\n\n\t\t\n\t<!-- Timeline Content -->\n\t<div class=\"cd-timeline-content\">\n\n\t\t\n\t\t<!-- Announcement Title -->\n\t\t<div class=\"cd-timeline-title-container\">\n\n\t\t\t\n\t\t\t<h2 class=\"cd-timeline-item-title\">\n\t\t\t\t2005\t\t\t<\/h2>\n\n\t\t\t\t\t<\/div>\n\t\t<!-- End Announcement Title -->\n\n\t\t<img loading=\"lazy\" decoding=\"async\" width=\"350\" height=\"120\" src=\"http:\/\/30-jahre-dra.org\/wp-content\/uploads\/2022\/03\/2005_Beslan-350x120.jpg\" class=\"announcement-banner-image\" alt=\"2005\" \/>\n\t\t<!-- Announcement Excerpt -->\n\t\t<div class=\"the-excerpt\">\n\t\t\t<p>Projektmanagement f\u00fcr die NGO \u201ePerspektivy\u201c St. Petersburg bei der Verbesserung der Pflegestandards in Behindertenheimen in Peterhof und Pavlovsk (ab 2005) Gr\u00fcndung der gemeinn\u00fctzigen GmbH \u201eEurop\u00e4ischer&#8230;<\/p>\n<a class=\"timeline-express-read-more-link\" href=\"http:\/\/30-jahre-dra.org\/?te_announcements=2005-2\"> Weiterlesen<\/a>\t\t<\/div>\n\t\t<!-- End Announcement Excerpt -->\n\n\t\t\n\t<\/div>\n\t<!-- End Timeline Content -->\n\n\t\n<\/div>\n<!-- End Timeline Block -->\n\n<div id=\"2006\" class=\"cd-timeline-block m\u00e4rz 23 2006 announcement-99 2002-2012 icon-style-default container-style-default\" data-container-animation=\"bounce-in\" data-icon-animation=\"bounce-in\">\n\n\t\n\t\t<a class=\"cd-timeline-icon-link\" href=\"http:\/\/30-jahre-dra.org\/?te_announcements=2006-2\">\n\n\t\t\n\t\t<div class=\"cd-timeline-img cd-picture\" style=\"background:#eeee22;\">\n\n\t\t\t<!-- Custom Action Hook -->\n\n\t\t\t\n\t\t\t\t<!-- Standard Font Awesome Icon -->\n\n\t\t\t\t<span class=\"fa fa-circle\" title=\"2006\"><\/span>\n\n\t\t\t\n\t\t<\/div> <!-- cd-timeline-img -->\n\t\n\t\t<\/a>\n\n\t\t\n\t<!-- Timeline Content -->\n\t<div class=\"cd-timeline-content\">\n\n\t\t\n\t\t<!-- Announcement Title -->\n\t\t<div class=\"cd-timeline-title-container\">\n\n\t\t\t\n\t\t\t<h2 class=\"cd-timeline-item-title\">\n\t\t\t\t2006\t\t\t<\/h2>\n\n\t\t\t\t\t<\/div>\n\t\t<!-- End Announcement Title -->\n\n\t\t<img loading=\"lazy\" decoding=\"async\" width=\"180\" height=\"120\" src=\"http:\/\/30-jahre-dra.org\/wp-content\/uploads\/2022\/03\/2006_Minsk.bmp\" class=\"announcement-banner-image\" alt=\"2006\" \/>\n\t\t<!-- Announcement Excerpt -->\n\t\t<div class=\"the-excerpt\">\n\t\t\t<p>&nbsp; Beteiligung an der Studie \u201eDemokratiebildung in der Ukraine und Belarus\u201c f\u00fcr die \u201eStiftung Erinnerung, Verantwortung, Zukunft\u201c (EVZ) &nbsp; Stefan Melle \u00fcbernimmt die Gesch\u00e4ftsf\u00fchrung W\u00e4hrend&#8230;<\/p>\n<a class=\"timeline-express-read-more-link\" href=\"http:\/\/30-jahre-dra.org\/?te_announcements=2006-2\"> Weiterlesen<\/a>\t\t<\/div>\n\t\t<!-- End Announcement Excerpt -->\n\n\t\t\n\t<\/div>\n\t<!-- End Timeline Content -->\n\n\t\n<\/div>\n<!-- End Timeline Block -->\n\n<div id=\"2007\" class=\"cd-timeline-block m\u00e4rz 23 2007 announcement-96 2002-2012 icon-bounce-in container-style-default\" data-container-animation=\"bounce-in\" data-icon-animation=\"bounce-in\">\n\n\t\n\t\t<a class=\"cd-timeline-icon-link\" href=\"http:\/\/30-jahre-dra.org\/?te_announcements=2007-2\">\n\n\t\t\n\t\t<div class=\"cd-timeline-img cd-picture\" style=\"background:#eeee22;\">\n\n\t\t\t<!-- Custom Action Hook -->\n\n\t\t\t\n\t\t\t\t<!-- Standard Font Awesome Icon -->\n\n\t\t\t\t<span class=\"fa fa-500px\" title=\"2007\"><\/span>\n\n\t\t\t\n\t\t<\/div> <!-- cd-timeline-img -->\n\t\n\t\t<\/a>\n\n\t\t\n\t<!-- Timeline Content -->\n\t<div class=\"cd-timeline-content\">\n\n\t\t\n\t\t<!-- Announcement Title -->\n\t\t<div class=\"cd-timeline-title-container\">\n\n\t\t\t\n\t\t\t<h2 class=\"cd-timeline-item-title\">\n\t\t\t\t2007\t\t\t<\/h2>\n\n\t\t\t\t\t<\/div>\n\t\t<!-- End Announcement Title -->\n\n\t\t<img loading=\"lazy\" decoding=\"async\" width=\"350\" height=\"120\" src=\"http:\/\/30-jahre-dra.org\/wp-content\/uploads\/2022\/03\/2007_Roman_Handbuch-1-350x120.jpg\" class=\"announcement-banner-image\" alt=\"2007\" \/>\n\t\t<!-- Announcement Excerpt -->\n\t\t<div class=\"the-excerpt\">\n\t\t\t<p>Programm \u201eEU-Study-Weeks\u201c im Auftrag der EU-Delegation Moskau Moderation des Deutsch-Russischen Jugendparlaments im Auftrag der 2006 gegr\u00fcndeten Stiftung Deutsch-Russischer Jugendaustausch\u00a0 https:\/\/vk.com\/club24376983 12 Herbstgespr\u00e4che: Potenziale \u00f6kologischer Modernisierung&#8230;<\/p>\n<a class=\"timeline-express-read-more-link\" href=\"http:\/\/30-jahre-dra.org\/?te_announcements=2007-2\"> Weiterlesen<\/a>\t\t<\/div>\n\t\t<!-- End Announcement Excerpt -->\n\n\t\t\n\t<\/div>\n\t<!-- End Timeline Content -->\n\n\t\n<\/div>\n<!-- End Timeline Block -->\n\n<div id=\"2008\" class=\"cd-timeline-block m\u00e4rz 23 2008 announcement-94 2002-2012 icon-bounce-in container-style-default\" data-container-animation=\"bounce-in\" data-icon-animation=\"bounce-in\">\n\n\t\n\t\t<a class=\"cd-timeline-icon-link\" href=\"http:\/\/30-jahre-dra.org\/?te_announcements=2008-2\">\n\n\t\t\n\t\t<div class=\"cd-timeline-img cd-picture\" style=\"background:#eeee22;\">\n\n\t\t\t<!-- Custom Action Hook -->\n\n\t\t\t\n\t\t\t\t<!-- Standard Font Awesome Icon -->\n\n\t\t\t\t<span class=\"fa fa-500px\" title=\"2008\"><\/span>\n\n\t\t\t\n\t\t<\/div> <!-- cd-timeline-img -->\n\t\n\t\t<\/a>\n\n\t\t\n\t<!-- Timeline Content -->\n\t<div class=\"cd-timeline-content\">\n\n\t\t\n\t\t<!-- Announcement Title -->\n\t\t<div class=\"cd-timeline-title-container\">\n\n\t\t\t\n\t\t\t<h2 class=\"cd-timeline-item-title\">\n\t\t\t\t2008\t\t\t<\/h2>\n\n\t\t\t\t\t<\/div>\n\t\t<!-- End Announcement Title -->\n\n\t\t<img loading=\"lazy\" decoding=\"async\" width=\"350\" height=\"120\" src=\"http:\/\/30-jahre-dra.org\/wp-content\/uploads\/2022\/03\/2008_Miniartikel-Abendblatt-Mitte-350x120.jpg\" class=\"announcement-banner-image\" alt=\"2008\" \/>\n\t\t<!-- Announcement Excerpt -->\n\t\t<div class=\"the-excerpt\">\n\t\t\t<p>https:\/\/www.dbu.de\/OPAC\/ab\/DBU-Abschlussbericht-AZ-23843.pdf &nbsp; 13. Deutsch-Russische Herbstgespr\u00e4che: &#8222;Ann\u00e4herung oder Entfremdung? Einfluss der Geschichtspolitik auf das Verh\u00e4ltnis EU &#8211; Russland&#8220; &nbsp;<\/p>\n<a class=\"timeline-express-read-more-link\" href=\"http:\/\/30-jahre-dra.org\/?te_announcements=2008-2\"> Weiterlesen<\/a>\t\t<\/div>\n\t\t<!-- End Announcement Excerpt -->\n\n\t\t\n\t<\/div>\n\t<!-- End Timeline Content -->\n\n\t\n<\/div>\n<!-- End Timeline Block -->\n\n<div id=\"2009\" class=\"cd-timeline-block m\u00e4rz 23 2009 announcement-93 2002-2012 icon-bounce-in container-style-default\" data-container-animation=\"bounce-in\" data-icon-animation=\"bounce-in\">\n\n\t\n\t\t<a class=\"cd-timeline-icon-link\" href=\"http:\/\/30-jahre-dra.org\/?te_announcements=2009-2\">\n\n\t\t\n\t\t<div class=\"cd-timeline-img cd-picture\" style=\"background:#eeee22;\">\n\n\t\t\t<!-- Custom Action Hook -->\n\n\t\t\t\n\t\t\t\t<!-- Standard Font Awesome Icon -->\n\n\t\t\t\t<span class=\"fa fa-500px\" title=\"2009\"><\/span>\n\n\t\t\t\n\t\t<\/div> <!-- cd-timeline-img -->\n\t\n\t\t<\/a>\n\n\t\t\n\t<!-- Timeline Content -->\n\t<div class=\"cd-timeline-content\">\n\n\t\t\n\t\t<!-- Announcement Title -->\n\t\t<div class=\"cd-timeline-title-container\">\n\n\t\t\t\n\t\t\t<h2 class=\"cd-timeline-item-title\">\n\t\t\t\t2009\t\t\t<\/h2>\n\n\t\t\t\t\t<\/div>\n\t\t<!-- End Announcement Title -->\n\n\t\t<img loading=\"lazy\" decoding=\"async\" width=\"350\" height=\"120\" src=\"http:\/\/30-jahre-dra.org\/wp-content\/uploads\/2022\/03\/2009.09.-Dagomys-Journalisten-in-Natur1a-350x120.jpg\" class=\"announcement-banner-image\" alt=\"2009\" \/>\n\t\t<!-- Announcement Excerpt -->\n\t\t<div class=\"the-excerpt\">\n\t\t\t<p>Professja https:\/\/professija.de\/fileadmin\/user_upload\/news\/Professija-Dokumentation.pdf 14. Deutsch-Russische Herbstgespr\u00e4che: Brauchen wir neue \u201eGesellschaftsvertr\u00e4ge?<\/p>\n<a class=\"timeline-express-read-more-link\" href=\"http:\/\/30-jahre-dra.org\/?te_announcements=2009-2\"> Weiterlesen<\/a>\t\t<\/div>\n\t\t<!-- End Announcement Excerpt -->\n\n\t\t\n\t<\/div>\n\t<!-- End Timeline Content -->\n\n\t\n<\/div>\n<!-- End Timeline Block -->\n\n<div id=\"2010\" class=\"cd-timeline-block m\u00e4rz 23 2010 announcement-82 2002-2012 icon-bounce-in container-style-default\" data-container-animation=\"bounce-in\" data-icon-animation=\"bounce-in\">\n\n\t\n\t\t<a class=\"cd-timeline-icon-link\" href=\"http:\/\/30-jahre-dra.org\/?te_announcements=2010-2\">\n\n\t\t\n\t\t<div class=\"cd-timeline-img cd-picture\" style=\"background:#eeee22;\">\n\n\t\t\t<!-- Custom Action Hook -->\n\n\t\t\t\n\t\t\t\t<!-- Standard Font Awesome Icon -->\n\n\t\t\t\t<span class=\"fa fa-500px\" title=\"2010\"><\/span>\n\n\t\t\t\n\t\t<\/div> <!-- cd-timeline-img -->\n\t\n\t\t<\/a>\n\n\t\t\n\t<!-- Timeline Content -->\n\t<div class=\"cd-timeline-content\">\n\n\t\t\n\t\t<!-- Announcement Title -->\n\t\t<div class=\"cd-timeline-title-container\">\n\n\t\t\t\n\t\t\t<h2 class=\"cd-timeline-item-title\">\n\t\t\t\t2010\t\t\t<\/h2>\n\n\t\t\t\t\t<\/div>\n\t\t<!-- End Announcement Title -->\n\n\t\t<img loading=\"lazy\" decoding=\"async\" width=\"350\" height=\"120\" src=\"http:\/\/30-jahre-dra.org\/wp-content\/uploads\/2022\/03\/Journalisten-TN-im-Hochgebirgsschnee2-350x120.jpg\" class=\"announcement-banner-image\" alt=\"2010\" \/>\n\t\t<!-- Announcement Excerpt -->\n\t\t<div class=\"the-excerpt\">\n\t\t\t<p>Start des zweisprachigen Umwelt-Informationsportals www.RNEI.de \/ www.RNEI.ru\u00a0\u00a0 Umweltfestival EcoCup &nbsp; Beginn des Programms Bildungsreisen f\u00fcr die Wolga-Verwaltungsakademie Samara\u00a0 Aufbau der Praktikumsb\u00f6rse Russland, Ost- und Mitteleuropa&#8230;<\/p>\n<a class=\"timeline-express-read-more-link\" href=\"http:\/\/30-jahre-dra.org\/?te_announcements=2010-2\"> Weiterlesen<\/a>\t\t<\/div>\n\t\t<!-- End Announcement Excerpt -->\n\n\t\t\n\t<\/div>\n\t<!-- End Timeline Content -->\n\n\t\n<\/div>\n<!-- End Timeline Block -->\n\n<div id=\"2011\" class=\"cd-timeline-block m\u00e4rz 23 2011 announcement-81 2002-2012 icon-bounce-in container-style-default\" data-container-animation=\"bounce-in\" data-icon-animation=\"bounce-in\">\n\n\t\n\t\t<a class=\"cd-timeline-icon-link\" href=\"http:\/\/30-jahre-dra.org\/?te_announcements=2011-2\">\n\n\t\t\n\t\t<div class=\"cd-timeline-img cd-picture\" style=\"background:#eeee22;\">\n\n\t\t\t<!-- Custom Action Hook -->\n\n\t\t\t\n\t\t\t\t<!-- Standard Font Awesome Icon -->\n\n\t\t\t\t<span class=\"fa fa-500px\" title=\"2011\"><\/span>\n\n\t\t\t\n\t\t<\/div> <!-- cd-timeline-img -->\n\t\n\t\t<\/a>\n\n\t\t\n\t<!-- Timeline Content -->\n\t<div class=\"cd-timeline-content\">\n\n\t\t\n\t\t<!-- Announcement Title -->\n\t\t<div class=\"cd-timeline-title-container\">\n\n\t\t\t\n\t\t\t<h2 class=\"cd-timeline-item-title\">\n\t\t\t\t2011\t\t\t<\/h2>\n\n\t\t\t\t\t<\/div>\n\t\t<!-- End Announcement Title -->\n\n\t\t<img loading=\"lazy\" decoding=\"async\" width=\"350\" height=\"120\" src=\"http:\/\/30-jahre-dra.org\/wp-content\/uploads\/2022\/03\/2011_CSF-350x120.jpg\" class=\"announcement-banner-image\" alt=\"2011\" \/>\n\t\t<!-- Announcement Excerpt -->\n\t\t<div class=\"the-excerpt\">\n\t\t\t<p>Registrierung des \u201eRussisch-Deutschen B\u00fcros f\u00fcr Umweltinformation\u201c (RNEI) als NGO in St. Petersburg https:\/\/www.kommersant.ru\/?stamp=637836610154706323 16. Deutsch-Russische Herbstgespr\u00e4che: B\u00fcrger, Blogger, W\u00e4hler &#8211; Der Einfluss neuer zivilgesellschaftlicher Initiativen&#8230;<\/p>\n<a class=\"timeline-express-read-more-link\" href=\"http:\/\/30-jahre-dra.org\/?te_announcements=2011-2\"> Weiterlesen<\/a>\t\t<\/div>\n\t\t<!-- End Announcement Excerpt -->\n\n\t\t\n\t<\/div>\n\t<!-- End Timeline Content -->\n\n\t\n<\/div>\n<!-- End Timeline Block -->\n\n<div id=\"2012\" class=\"cd-timeline-block m\u00e4rz 23 2012 announcement-80 2012-2022 icon-style-default container-style-default\" data-container-animation=\"bounce-in\" data-icon-animation=\"bounce-in\">\n\n\t\n\t\t<a class=\"cd-timeline-icon-link\" href=\"http:\/\/30-jahre-dra.org\/?te_announcements=2012-2\">\n\n\t\t\n\t\t<div class=\"cd-timeline-img cd-picture\" style=\"background:#eeee22;\">\n\n\t\t\t<!-- Custom Action Hook -->\n\n\t\t\t\n\t\t\t\t<!-- Standard Font Awesome Icon -->\n\n\t\t\t\t<span class=\"fa fa-circle\" title=\"2012\"><\/span>\n\n\t\t\t\n\t\t<\/div> <!-- cd-timeline-img -->\n\t\n\t\t<\/a>\n\n\t\t\n\t<!-- Timeline Content -->\n\t<div class=\"cd-timeline-content\">\n\n\t\t\n\t\t<!-- Announcement Title -->\n\t\t<div class=\"cd-timeline-title-container\">\n\n\t\t\t\n\t\t\t<h2 class=\"cd-timeline-item-title\">\n\t\t\t\t2012\t\t\t<\/h2>\n\n\t\t\t\t\t<\/div>\n\t\t<!-- End Announcement Title -->\n\n\t\t<img loading=\"lazy\" decoding=\"async\" width=\"350\" height=\"120\" src=\"http:\/\/30-jahre-dra.org\/wp-content\/uploads\/2022\/03\/2012_Election_Monitoring-350x120.jpeg\" class=\"announcement-banner-image\" alt=\"2012\" \/>\n\t\t<!-- Announcement Excerpt -->\n\t\t<div class=\"the-excerpt\">\n\t\t\t<p>Das Jahr in Stichpunkten: &nbsp; \u00a0Januar: Erster DRA-Facebook-Auftritt\u00a0 M\u00e4rz: Der DRA begeht sein 20-j\u00e4hriges Bestehen.\u00a0 Juli: Der DRA ist Mitveranstalter des Europ\u00e4ischen Jugendforums &#8222;Pilorama Laboratorium&#8220;&#8230;<\/p>\n<a class=\"timeline-express-read-more-link\" href=\"http:\/\/30-jahre-dra.org\/?te_announcements=2012-2\"> Weiterlesen<\/a>\t\t<\/div>\n\t\t<!-- End Announcement Excerpt -->\n\n\t\t\n\t<\/div>\n\t<!-- End Timeline Content -->\n\n\t\n<\/div>\n<!-- End Timeline Block -->\n\n<div id=\"2013\" class=\"cd-timeline-block m\u00e4rz 23 2013 announcement-78 2012-2022 icon-bounce-in container-style-default\" data-container-animation=\"bounce-in\" data-icon-animation=\"bounce-in\">\n\n\t\n\t\t<a class=\"cd-timeline-icon-link\" href=\"http:\/\/30-jahre-dra.org\/?te_announcements=2013-2\">\n\n\t\t\n\t\t<div class=\"cd-timeline-img cd-picture\" style=\"background:#eeee22;\">\n\n\t\t\t<!-- Custom Action Hook -->\n\n\t\t\t\n\t\t\t\t<!-- Standard Font Awesome Icon -->\n\n\t\t\t\t<span class=\"fa fa-500px\" title=\"2013\"><\/span>\n\n\t\t\t\n\t\t<\/div> <!-- cd-timeline-img -->\n\t\n\t\t<\/a>\n\n\t\t\n\t<!-- Timeline Content -->\n\t<div class=\"cd-timeline-content\">\n\n\t\t\n\t\t<!-- Announcement Title -->\n\t\t<div class=\"cd-timeline-title-container\">\n\n\t\t\t\n\t\t\t<h2 class=\"cd-timeline-item-title\">\n\t\t\t\t2013\t\t\t<\/h2>\n\n\t\t\t\t\t<\/div>\n\t\t<!-- End Announcement Title -->\n\n\t\t<img loading=\"lazy\" decoding=\"async\" width=\"350\" height=\"120\" src=\"http:\/\/30-jahre-dra.org\/wp-content\/uploads\/2022\/03\/2013photoNatalia-T-1-350x120.jpg\" class=\"announcement-banner-image\" alt=\"2013\" \/>\n\t\t<!-- Announcement Excerpt -->\n\t\t<div class=\"the-excerpt\">\n\t\t\t<p>&nbsp; Weltklimagipfel: Publikation zum Weltklimagipfel 18. Deutsch-Russische Herbstgespr\u00e4che: \u201eZuwanderer, Emigrantinnen, Gastarbeiter\u201c Die Migrationspolitik in Russland und Deutschland<\/p>\n<a class=\"timeline-express-read-more-link\" href=\"http:\/\/30-jahre-dra.org\/?te_announcements=2013-2\"> Weiterlesen<\/a>\t\t<\/div>\n\t\t<!-- End Announcement Excerpt -->\n\n\t\t\n\t<\/div>\n\t<!-- End Timeline Content -->\n\n\t\n<\/div>\n<!-- End Timeline Block -->\n\n<div id=\"2014\" class=\"cd-timeline-block m\u00e4rz 23 2014 announcement-75 2012-2022 icon-bounce-in container-style-default\" data-container-animation=\"bounce-in\" data-icon-animation=\"bounce-in\">\n\n\t\n\t\t<a class=\"cd-timeline-icon-link\" href=\"http:\/\/30-jahre-dra.org\/?te_announcements=2014-2\">\n\n\t\t\n\t\t<div class=\"cd-timeline-img cd-picture\" style=\"background:#eeee22;\">\n\n\t\t\t<!-- Custom Action Hook -->\n\n\t\t\t\n\t\t\t\t<!-- Standard Font Awesome Icon -->\n\n\t\t\t\t<span class=\"fa fa-500px\" title=\"2014\"><\/span>\n\n\t\t\t\n\t\t<\/div> <!-- cd-timeline-img -->\n\t\n\t\t<\/a>\n\n\t\t\n\t<!-- Timeline Content -->\n\t<div class=\"cd-timeline-content\">\n\n\t\t\n\t\t<!-- Announcement Title -->\n\t\t<div class=\"cd-timeline-title-container\">\n\n\t\t\t\n\t\t\t<h2 class=\"cd-timeline-item-title\">\n\t\t\t\t2014\t\t\t<\/h2>\n\n\t\t\t\t\t<\/div>\n\t\t<!-- End Announcement Title -->\n\n\t\t<img loading=\"lazy\" decoding=\"async\" width=\"350\" height=\"120\" src=\"http:\/\/30-jahre-dra.org\/wp-content\/uploads\/2022\/03\/2014_DemoUkraine-350x120.jpg\" class=\"announcement-banner-image\" alt=\"2014\" \/>\n\t\t<!-- Announcement Excerpt -->\n\t\t<div class=\"the-excerpt\">\n\t\t\t<p>https:\/\/glaubenlebeninberlin.de\/ &nbsp; DRA wird Tr\u00e4ger des CSF 19. Deutsch-Russische Herbstgespr\u00e4che &#8222;Schneller Vorteil, langes Nachsehen?&#8220;<\/p>\n<a class=\"timeline-express-read-more-link\" href=\"http:\/\/30-jahre-dra.org\/?te_announcements=2014-2\"> Weiterlesen<\/a>\t\t<\/div>\n\t\t<!-- End Announcement Excerpt -->\n\n\t\t\n\t<\/div>\n\t<!-- End Timeline Content -->\n\n\t\n<\/div>\n<!-- End Timeline Block -->\n\n<div id=\"2015\" class=\"cd-timeline-block m\u00e4rz 23 2015 announcement-68 2012-2022 icon-style-default container-style-default\" data-container-animation=\"bounce-in\" data-icon-animation=\"bounce-in\">\n\n\t\n\t\t<a class=\"cd-timeline-icon-link\" href=\"http:\/\/30-jahre-dra.org\/?te_announcements=2015-2\">\n\n\t\t\n\t\t<div class=\"cd-timeline-img cd-picture\" style=\"background:#eeee22;\">\n\n\t\t\t<!-- Custom Action Hook -->\n\n\t\t\t\n\t\t\t\t<!-- Standard Font Awesome Icon -->\n\n\t\t\t\t<span class=\"fa fa-circle\" title=\"2015\"><\/span>\n\n\t\t\t\n\t\t<\/div> <!-- cd-timeline-img -->\n\t\n\t\t<\/a>\n\n\t\t\n\t<!-- Timeline Content -->\n\t<div class=\"cd-timeline-content\">\n\n\t\t\n\t\t<!-- Announcement Title -->\n\t\t<div class=\"cd-timeline-title-container\">\n\n\t\t\t\n\t\t\t<h2 class=\"cd-timeline-item-title\">\n\t\t\t\t2015\t\t\t<\/h2>\n\n\t\t\t\t\t<\/div>\n\t\t<!-- End Announcement Title -->\n\n\t\t<img loading=\"lazy\" decoding=\"async\" width=\"350\" height=\"120\" src=\"http:\/\/30-jahre-dra.org\/wp-content\/uploads\/2022\/03\/IMG_2613-350x120.jpg\" class=\"announcement-banner-image\" alt=\"2015\" \/>\n\t\t<!-- Announcement Excerpt -->\n\t\t<div class=\"the-excerpt\">\n\t\t\t<p>&nbsp; &nbsp; MoPo Artikel NMoch gelkockt<\/p>\n<a class=\"timeline-express-read-more-link\" href=\"http:\/\/30-jahre-dra.org\/?te_announcements=2015-2\"> Weiterlesen<\/a>\t\t<\/div>\n\t\t<!-- End Announcement Excerpt -->\n\n\t\t\n\t<\/div>\n\t<!-- End Timeline Content -->\n\n\t\n<\/div>\n<!-- End Timeline Block -->\n\n<div id=\"2016\" class=\"cd-timeline-block m\u00e4rz 23 2016 announcement-67 2012-2022 icon-style-default container-style-default\" data-container-animation=\"bounce-in\" data-icon-animation=\"bounce-in\">\n\n\t\n\t\t<div class=\"cd-timeline-img cd-picture icon-no-readmore\" style=\"background:#eeee22;\">\n\n\t\t\t<!-- Custom Action Hook -->\n\n\t\t\t\n\t\t\t\t<!-- Standard Font Awesome Icon -->\n\n\t\t\t\t<span class=\"fa fa-circle\" title=\"2016\"><\/span>\n\n\t\t\t\n\t\t<\/div> <!-- cd-timeline-img -->\n\t\n\t\t<\/a>\n\n\t\t\n\t<!-- Timeline Content -->\n\t<div class=\"cd-timeline-content\">\n\n\t\t\n\t\t<!-- Announcement Title -->\n\t\t<div class=\"cd-timeline-title-container\">\n\n\t\t\t\n\t\t\t<h2 class=\"cd-timeline-item-title\">\n\t\t\t\t2016\t\t\t<\/h2>\n\n\t\t\t\t\t<\/div>\n\t\t<!-- End Announcement Title -->\n\n\t\t<img loading=\"lazy\" decoding=\"async\" width=\"350\" height=\"120\" src=\"http:\/\/30-jahre-dra.org\/wp-content\/uploads\/2022\/03\/2016CivilMPlus-Nov-16-350x120.jpg\" class=\"announcement-banner-image\" alt=\"2016\" \/>\n\t\t<!-- Announcement Excerpt -->\n\t\t<div class=\"the-excerpt\">\n\t\t\t<p>CivilM Plus<\/p>\n\t\t<\/div>\n\t\t<!-- End Announcement Excerpt -->\n\n\t\t\n\t<\/div>\n\t<!-- End Timeline Content -->\n\n\t\n<\/div>\n<!-- End Timeline Block -->\n\n<div id=\"2017\" class=\"cd-timeline-block juli 18 2017 announcement-62 2012-2022 icon-style-default container-style-default\" data-container-animation=\"bounce-in\" data-icon-animation=\"bounce-in\">\n\n\t\n\t\t<a class=\"cd-timeline-icon-link\" href=\"http:\/\/30-jahre-dra.org\/?te_announcements=2017-2\">\n\n\t\t\n\t\t<div class=\"cd-timeline-img cd-picture\" style=\"background:#eeee22;\">\n\n\t\t\t<!-- Custom Action Hook -->\n\n\t\t\t\n\t\t\t\t<!-- Standard Font Awesome Icon -->\n\n\t\t\t\t<span class=\"fa fa-circle\" title=\"2017\"><\/span>\n\n\t\t\t\n\t\t<\/div> <!-- cd-timeline-img -->\n\t\n\t\t<\/a>\n\n\t\t\n\t<!-- Timeline Content -->\n\t<div class=\"cd-timeline-content\">\n\n\t\t\n\t\t<!-- Announcement Title -->\n\t\t<div class=\"cd-timeline-title-container\">\n\n\t\t\t\n\t\t\t<h2 class=\"cd-timeline-item-title\">\n\t\t\t\t2017\t\t\t<\/h2>\n\n\t\t\t\t\t<\/div>\n\t\t<!-- End Announcement Title -->\n\n\t\t<img loading=\"lazy\" decoding=\"async\" width=\"350\" height=\"120\" src=\"http:\/\/30-jahre-dra.org\/wp-content\/uploads\/2022\/03\/2017_Novoluhanske-VI-350x120.jpg\" class=\"announcement-banner-image\" alt=\"2017\" \/>\n\t\t<!-- Announcement Excerpt -->\n\t\t<div class=\"the-excerpt\">\n\t\t\t<p>10 Jahre Nordkaukasus Projekt<\/p>\n<a class=\"timeline-express-read-more-link\" href=\"http:\/\/30-jahre-dra.org\/?te_announcements=2017-2\"> Weiterlesen<\/a>\t\t<\/div>\n\t\t<!-- End Announcement Excerpt -->\n\n\t\t\n\t<\/div>\n\t<!-- End Timeline Content -->\n\n\t\n<\/div>\n<!-- End Timeline Block -->\n\n<div id=\"2018\" class=\"cd-timeline-block m\u00e4rz 23 2018 announcement-61 2012-2022 icon-style-default container-style-default\" data-container-animation=\"bounce-in\" data-icon-animation=\"bounce-in\">\n\n\t\n\t\t<a class=\"cd-timeline-icon-link\" href=\"http:\/\/30-jahre-dra.org\/?te_announcements=2018-2\">\n\n\t\t\n\t\t<div class=\"cd-timeline-img cd-picture\" style=\"background:#eeee22;\">\n\n\t\t\t<!-- Custom Action Hook -->\n\n\t\t\t\n\t\t\t\t<!-- Standard Font Awesome Icon -->\n\n\t\t\t\t<span class=\"fa fa-circle\" title=\"2018\"><\/span>\n\n\t\t\t\n\t\t<\/div> <!-- cd-timeline-img -->\n\t\n\t\t<\/a>\n\n\t\t\n\t<!-- Timeline Content -->\n\t<div class=\"cd-timeline-content\">\n\n\t\t\n\t\t<!-- Announcement Title -->\n\t\t<div class=\"cd-timeline-title-container\">\n\n\t\t\t\n\t\t\t<h2 class=\"cd-timeline-item-title\">\n\t\t\t\t2018\t\t\t<\/h2>\n\n\t\t\t\t\t<\/div>\n\t\t<!-- End Announcement Title -->\n\n\t\t<img loading=\"lazy\" decoding=\"async\" width=\"350\" height=\"120\" src=\"http:\/\/30-jahre-dra.org\/wp-content\/uploads\/2018\/03\/f9790722-917a-11ec-a2c7-96007b9e5361-350x120.jpg\" class=\"announcement-banner-image\" alt=\"2018\" \/>\n\t\t<!-- Announcement Excerpt -->\n\t\t<div class=\"the-excerpt\">\n\t\t\t<p>Transition Dialogue Transition Dialogue<\/p>\n<a class=\"timeline-express-read-more-link\" href=\"http:\/\/30-jahre-dra.org\/?te_announcements=2018-2\"> Weiterlesen<\/a>\t\t<\/div>\n\t\t<!-- End Announcement Excerpt -->\n\n\t\t\n\t<\/div>\n\t<!-- End Timeline Content -->\n\n\t\n<\/div>\n<!-- End Timeline Block -->\n\n<div id=\"2019\" class=\"cd-timeline-block m\u00e4rz 23 2019 announcement-60 2012-2022 icon-bounce-in container-style-default\" data-container-animation=\"bounce-in\" data-icon-animation=\"bounce-in\">\n\n\t\n\t\t<a class=\"cd-timeline-icon-link\" href=\"http:\/\/30-jahre-dra.org\/?te_announcements=2019-2\">\n\n\t\t\n\t\t<div class=\"cd-timeline-img cd-picture\" style=\"background:#eeee22;\">\n\n\t\t\t<!-- Custom Action Hook -->\n\n\t\t\t\n\t\t\t\t<!-- Standard Font Awesome Icon -->\n\n\t\t\t\t<span class=\"fa fa-500px\" title=\"2019\"><\/span>\n\n\t\t\t\n\t\t<\/div> <!-- cd-timeline-img -->\n\t\n\t\t<\/a>\n\n\t\t\n\t<!-- Timeline Content -->\n\t<div class=\"cd-timeline-content\">\n\n\t\t\n\t\t<!-- Announcement Title -->\n\t\t<div class=\"cd-timeline-title-container\">\n\n\t\t\t\n\t\t\t<h2 class=\"cd-timeline-item-title\">\n\t\t\t\t2019\t\t\t<\/h2>\n\n\t\t\t\t\t<\/div>\n\t\t<!-- End Announcement Title -->\n\n\t\t<img loading=\"lazy\" decoding=\"async\" width=\"350\" height=\"120\" src=\"http:\/\/30-jahre-dra.org\/wp-content\/uploads\/2022\/03\/2019-350x120.png\" class=\"announcement-banner-image\" alt=\"2019\" \/>\n\t\t<!-- Announcement Excerpt -->\n\t\t<div class=\"the-excerpt\">\n\t\t\t<p>Am 27.\/28. September er\u00f6ffnete der DRA in Slovjansk im Gebiet Donezk (Ukraine) das NGO-Ressourcenzentrum\u00a0Drukarnia \u2013 Civil Society Center Sloviansk. Die neue Einrichtung ist Teil des&#8230;<\/p>\n<a class=\"timeline-express-read-more-link\" href=\"http:\/\/30-jahre-dra.org\/?te_announcements=2019-2\"> Weiterlesen<\/a>\t\t<\/div>\n\t\t<!-- End Announcement Excerpt -->\n\n\t\t\n\t<\/div>\n\t<!-- End Timeline Content -->\n\n\t\n<\/div>\n<!-- End Timeline Block -->\n\n<div id=\"2020\" class=\"cd-timeline-block m\u00e4rz 23 2020 announcement-59 2012-2022 icon-style-default container-style-default\" data-container-animation=\"bounce-in\" data-icon-animation=\"bounce-in\">\n\n\t\n\t\t<a class=\"cd-timeline-icon-link\" href=\"http:\/\/30-jahre-dra.org\/?te_announcements=2020-2\">\n\n\t\t\n\t\t<div class=\"cd-timeline-img cd-picture\" style=\"background:#eeee22;\">\n\n\t\t\t<!-- Custom Action Hook -->\n\n\t\t\t\n\t\t\t\t<!-- Standard Font Awesome Icon -->\n\n\t\t\t\t<span class=\"fa fa-circle\" title=\"2020\"><\/span>\n\n\t\t\t\n\t\t<\/div> <!-- cd-timeline-img -->\n\t\n\t\t<\/a>\n\n\t\t\n\t<!-- Timeline Content -->\n\t<div class=\"cd-timeline-content\">\n\n\t\t\n\t\t<!-- Announcement Title -->\n\t\t<div class=\"cd-timeline-title-container\">\n\n\t\t\t\n\t\t\t<h2 class=\"cd-timeline-item-title\">\n\t\t\t\t2020\t\t\t<\/h2>\n\n\t\t\t\t\t<\/div>\n\t\t<!-- End Announcement Title -->\n\n\t\t<img loading=\"lazy\" decoding=\"async\" width=\"350\" height=\"120\" src=\"http:\/\/30-jahre-dra.org\/wp-content\/uploads\/2022\/03\/2020Kinder-350x120.png\" class=\"announcement-banner-image\" alt=\"2020\" \/>\n\t\t<!-- Announcement Excerpt -->\n\t\t<div class=\"the-excerpt\">\n\t\t\t<p>Themen des Jahres Von der Gr\u00fcndung des Ak Belarus \u00fcber die Projektarbeit zu Menschenrechten in DE und Kasachstan ist der DRA auch in der Pandemie&#8230;<\/p>\n<a class=\"timeline-express-read-more-link\" href=\"http:\/\/30-jahre-dra.org\/?te_announcements=2020-2\"> Weiterlesen<\/a>\t\t<\/div>\n\t\t<!-- End Announcement Excerpt -->\n\n\t\t\n\t<\/div>\n\t<!-- End Timeline Content -->\n\n\t\n<\/div>\n<!-- End Timeline Block -->\n\n<div id=\"2021\" class=\"cd-timeline-block m\u00e4rz 23 2021 announcement-38 2012-2022 icon-style-default container-style-default\" data-container-animation=\"bounce-in\" data-icon-animation=\"bounce-in\">\n\n\t\n\t\t<a class=\"cd-timeline-icon-link\" href=\"http:\/\/30-jahre-dra.org\/?te_announcements=2021-2\">\n\n\t\t\n\t\t<div class=\"cd-timeline-img cd-picture\" style=\"background:#eeee22;\">\n\n\t\t\t<!-- Custom Action Hook -->\n\n\t\t\t\n\t\t\t\t<!-- Standard Font Awesome Icon -->\n\n\t\t\t\t<span class=\"fa fa-remove\" title=\"2021\"><\/span>\n\n\t\t\t\n\t\t<\/div> <!-- cd-timeline-img -->\n\t\n\t\t<\/a>\n\n\t\t\n\t<!-- Timeline Content -->\n\t<div class=\"cd-timeline-content\">\n\n\t\t\n\t\t<!-- Announcement Title -->\n\t\t<div class=\"cd-timeline-title-container\">\n\n\t\t\t\n\t\t\t<h2 class=\"cd-timeline-item-title\">\n\t\t\t\t2021\t\t\t<\/h2>\n\n\t\t\t\t\t<\/div>\n\t\t<!-- End Announcement Title -->\n\n\t\t<img loading=\"lazy\" decoding=\"async\" width=\"350\" height=\"120\" src=\"http:\/\/30-jahre-dra.org\/wp-content\/uploads\/2022\/03\/2021_Verbot-350x120.png\" class=\"announcement-banner-image\" alt=\"2021\" \/>\n\t\t<!-- Announcement Excerpt -->\n\t\t<div class=\"the-excerpt\">\n\t\t\t<p>Verbot des DRA &nbsp; Am Morgen des 27.05 trifft den DRA ein herber Schlag Ein Verbot in unserem wichtigsten Arbeitsland; der Beitrag der Tagesschau dazu\u00a0&#8230;<\/p>\n<a class=\"timeline-express-read-more-link\" href=\"http:\/\/30-jahre-dra.org\/?te_announcements=2021-2\"> Weiterlesen<\/a>\t\t<\/div>\n\t\t<!-- End Announcement Excerpt -->\n\n\t\t\n\t<\/div>\n\t<!-- End Timeline Content -->\n\n\t\n<\/div>\n<!-- End Timeline Block -->\n\n<div id=\"2022\" class=\"cd-timeline-block m\u00e4rz 23 2022 announcement-37 2012-2022 icon-style-default container-style-default\" data-container-animation=\"bounce-in\" data-icon-animation=\"bounce-in\">\n\n\t\n\t\t<a class=\"cd-timeline-icon-link\" href=\"http:\/\/30-jahre-dra.org\/?te_announcements=2022-2\">\n\n\t\t\n\t\t<div class=\"cd-timeline-img cd-picture\" style=\"background:#eeee22;\">\n\n\t\t\t<!-- Custom Action Hook -->\n\n\t\t\t\n\t\t\t\t<!-- Standard Font Awesome Icon -->\n\n\t\t\t\t<span class=\"fa fa-map-marker\" title=\"2022\"><\/span>\n\n\t\t\t\n\t\t<\/div> <!-- cd-timeline-img -->\n\t\n\t\t<\/a>\n\n\t\t\n\t<!-- Timeline Content -->\n\t<div class=\"cd-timeline-content\">\n\n\t\t\n\t\t<!-- Announcement Title -->\n\t\t<div class=\"cd-timeline-title-container\">\n\n\t\t\t\n\t\t\t<h2 class=\"cd-timeline-item-title\">\n\t\t\t\t2022\t\t\t<\/h2>\n\n\t\t\t\t\t<\/div>\n\t\t<!-- End Announcement Title -->\n\n\t\t<img loading=\"lazy\" decoding=\"async\" width=\"350\" height=\"120\" src=\"http:\/\/30-jahre-dra.org\/wp-content\/uploads\/2022\/03\/2022-350x120.jpg\" class=\"announcement-banner-image\" alt=\"2022\" \/>\n\t\t<!-- Announcement Excerpt -->\n\t\t<div class=\"the-excerpt\">\n\t\t\t<p>Das Jahr in Stichpunkten: &nbsp; Januar: &nbsp; Februar: Russische Invasion in der Ukraine M\u00e4rz:<\/p>\n<a class=\"timeline-express-read-more-link\" href=\"http:\/\/30-jahre-dra.org\/?te_announcements=2022-2\"> Weiterlesen<\/a>\t\t<\/div>\n\t\t<!-- End Announcement Excerpt -->\n\n\t\t\n\t<\/div>\n\t<!-- End Timeline Content -->\n\n\t\n<\/div>\n<!-- End Timeline Block -->\n\n\t\t\t<\/section>\n\n\t\t\t<!-- Timeline Express Pro v2.4.0 | Site: https:\/\/www.wp-timelineexpress.com | Author: Code Parrots - http:\/\/www.codeparrots.com --><\/div>","protected":false},"excerpt":{"rendered":"","protected":false},"author":1,"featured_media":161,"parent":0,"menu_order":0,"comment_status":"closed","ping_status":"open","template":"templates\/template-full-width.php","meta":{"footnotes":""},"class_list":["post-2","page","type-page","status-publish","has-post-thumbnail","hentry"],"_links":{"self":[{"href":"http:\/\/30-jahre-dra.org\/index.php?rest_route=\/wp\/v2\/pages\/2","targetHints":{"allow":["GET"]}}],"collection":[{"href":"http:\/\/30-jahre-dra.org\/index.php?rest_route=\/wp\/v2\/pages"}],"about":[{"href":"http:\/\/30-jahre-dra.org\/index.php?rest_route=\/wp\/v2\/types\/page"}],"author":[{"embeddable":true,"href":"http:\/\/30-jahre-dra.org\/index.php?rest_route=\/wp\/v2\/users\/1"}],"replies":[{"embeddable":true,"href":"http:\/\/30-jahre-dra.org\/index.php?rest_route=%2Fwp%2Fv2%2Fcomments&post=2"}],"version-history":[{"count":9,"href":"http:\/\/30-jahre-dra.org\/index.php?rest_route=\/wp\/v2\/pages\/2\/revisions"}],"predecessor-version":[{"id":188,"href":"http:\/\/30-jahre-dra.org\/index.php?rest_route=\/wp\/v2\/pages\/2\/revisions\/188"}],"wp:featuredmedia":[{"embeddable":true,"href":"http:\/\/30-jahre-dra.org\/index.php?rest_route=\/wp\/v2\/media\/161"}],"wp:attachment":[{"href":"http:\/\/30-jahre-dra.org\/index.php?rest_route=%2Fwp%2Fv2%2Fmedia&parent=2"}],"curies":[{"name":"wp","href":"https:\/\/api.w.org\/{rel}","templated":true}]}}